{"id":962,"date":"2020-04-22T10:57:00","date_gmt":"2020-04-22T10:57:00","guid":{"rendered":"https:\/\/eskima.de\/?post_type=jetpack-portfolio&#038;p=962"},"modified":"2025-02-02T10:58:24","modified_gmt":"2025-02-02T10:58:24","slug":"online-videoarchiv-fuer-videokunst-interessierte","status":"publish","type":"jetpack-portfolio","link":"https:\/\/eskima.de\/?portfolio=online-videoarchiv-fuer-videokunst-interessierte","title":{"rendered":"Online-Videoarchiv f\u00fcr Videokunst-Interessierte"},"content":{"rendered":"\n<p>Das Online-Videoarchiv des VIDEONALE e.V. erm\u00f6glicht der \u00d6ffentlichkeit den Zugang zu wertvollen Archiv-Inhalten und bietet K\u00fcnstler*innen eine Plattform zur Pr\u00e4sentation ihrer Werke.<\/p>\n\n\n\n<p>Als Recherche- und Bildungsinstrument richtet sich das Archiv an K\u00fcnstler*innen, Kurator*innen, Galerien, Wissenschaftler*innen, Studierende, Sch\u00fcler*innen und alle, die sich f\u00fcr Videokunst interessieren.<\/p>\n\n\n\n<div class=\"wide-content\">\n<figure class=\"wp-block-image size-full\"><img decoding=\"async\" src=\"https:\/\/eskima.de\/wp-content\/uploads\/2025\/01\/videonale_ref_01.jpg\" alt=\"\"><h4>Startseite als zentrale Verteilerseite mit dynamischem B\u00fchnenslider<\/h4><\/figure>\n\n<figure class=\"wp-block-image size-full\"><img decoding=\"async\" src=\"https:\/\/eskima.de\/wp-content\/uploads\/2025\/01\/videonale_ref_06.jpg\" alt=\"\"><h4>Themenseiten mit unterschiedlicher Farbcodierung<\/h4><\/figure>\n\n<figure class=\"wp-block-image size-full\"><img decoding=\"async\" src=\"https:\/\/eskima.de\/wp-content\/uploads\/2025\/01\/videonale_ref_04.jpg\" alt=\"\"><h4>Nutzergerechte  Filterm\u00f6glichkeiten f\u00fcr die jeweils rund 300 Videos und Artists Profile<\/h4><\/figure>\n<\/div>\n\n\n\n<h3 class=\"wp-block-heading has-text-align-left\"><strong>Service<\/strong><\/h3>\n\n\n\n<ul class=\"wp-block-list\">\n<li>Planung und Durchf\u00fchrung von UX-Workshops<\/li>\n\n\n\n<li>Erstellung von User Stories und User Story Mapping<\/li>\n\n\n\n<li>UX-Design und Prototyping mit Sketch<\/li>\n\n\n\n<li>Entwicklung eines Designsystems in Sketch<\/li>\n<\/ul>\n\n\n\n<p class=\"has-text-align-left\"><strong>Kunde: <\/strong>VIDEONALE e.V. <br><strong>Ko-Kreation<\/strong>: B\u00fcro f\u00fcr Brauchbarkeit, VIDEONALE Projektteam<br><strong>Technische Umsetzung: <\/strong>B\u00fcro f\u00fcr Brauchbarkeit, Mathias Weisz<strong><br>Zeitraum: <\/strong>2019-2020<\/p>\n\n\n\n<p class=\"has-text-align-left\"><a href=\"https:\/\/archive.videonale.org\" target=\"_blank\" rel=\"noreferrer noopener\"><strong>Zum Videoarchiv<\/strong><\/a><\/p>\n","protected":false},"excerpt":{"rendered":"<p>Das Online-Videoarchiv des VIDEONALE e.V. erm\u00f6glicht der \u00d6ffentlichkeit den Zugang zu wertvollen Archiv-Inhalten und bietet K\u00fcnstler*innen eine Plattform zur Pr\u00e4sentation ihrer Werke. Als Recherche- und Bildungsinstrument richtet sich das Archiv an K\u00fcnstler*innen, Kurator*innen, Galerien, Wissenschaftler*innen, Studierende, Sch\u00fcler*innen und alle, die sich f\u00fcr Videokunst interessieren. Startseite als zentrale Verteilerseite mit dynamischem B\u00fchnenslider Themenseiten mit unterschiedlicher Farbcodierung [&hellip;]<\/p>\n","protected":false},"author":1,"featured_media":1013,"comment_status":"closed","ping_status":"closed","template":"","format":"standard","meta":{"footnotes":""},"jetpack-portfolio-type":[],"jetpack-portfolio-tag":[],"class_list":["post-962","jetpack-portfolio","type-jetpack-portfolio","status-publish","format-standard","has-post-thumbnail","hentry"],"jetpack_sharing_enabled":true,"_links":{"self":[{"href":"https:\/\/eskima.de\/index.php?rest_route=\/wp\/v2\/jetpack-portfolio\/962","targetHints":{"allow":["GET"]}}],"collection":[{"href":"https:\/\/eskima.de\/index.php?rest_route=\/wp\/v2\/jetpack-portfolio"}],"about":[{"href":"https:\/\/eskima.de\/index.php?rest_route=\/wp\/v2\/types\/jetpack-portfolio"}],"author":[{"embeddable":true,"href":"https:\/\/eskima.de\/index.php?rest_route=\/wp\/v2\/users\/1"}],"replies":[{"embeddable":true,"href":"https:\/\/eskima.de\/index.php?rest_route=%2Fwp%2Fv2%2Fcomments&post=962"}],"version-history":[{"count":28,"href":"https:\/\/eskima.de\/index.php?rest_route=\/wp\/v2\/jetpack-portfolio\/962\/revisions"}],"predecessor-version":[{"id":1063,"href":"https:\/\/eskima.de\/index.php?rest_route=\/wp\/v2\/jetpack-portfolio\/962\/revisions\/1063"}],"wp:featuredmedia":[{"embeddable":true,"href":"https:\/\/eskima.de\/index.php?rest_route=\/wp\/v2\/media\/1013"}],"wp:attachment":[{"href":"https:\/\/eskima.de\/index.php?rest_route=%2Fwp%2Fv2%2Fmedia&parent=962"}],"wp:term":[{"taxonomy":"jetpack-portfolio-type","embeddable":true,"href":"https:\/\/eskima.de\/index.php?rest_route=%2Fwp%2Fv2%2Fjetpack-portfolio-type&post=962"},{"taxonomy":"jetpack-portfolio-tag","embeddable":true,"href":"https:\/\/eskima.de\/index.php?rest_route=%2Fwp%2Fv2%2Fjetpack-portfolio-tag&post=962"}],"curies":[{"name":"wp","href":"https:\/\/api.w.org\/{rel}","templated":true}]}}