{"id":544,"date":"2020-08-19T16:46:00","date_gmt":"2020-08-19T16:46:00","guid":{"rendered":"https:\/\/eskima.de\/?post_type=jetpack-portfolio&#038;p=544"},"modified":"2025-02-02T09:20:20","modified_gmt":"2025-02-02T09:20:20","slug":"one","status":"publish","type":"jetpack-portfolio","link":"https:\/\/eskima.de\/?portfolio=one","title":{"rendered":"Partizipatives Online-Magazin f\u00fcr Mitarbeitende der REWE Group"},"content":{"rendered":"\n<p>Seit seiner Einf\u00fchrung im Jahr 2013 ist das Online-Magazin <strong>ONE<\/strong> der zentrale Anlaufpunkt f\u00fcr die interne Kommunikation der REWE Group. Ein engagiertes Team von acht Redakteur*innen informiert t\u00e4glich \u00fcber konzernnahe, branchenweite und aktuelle Themen. (Stand 2020: \u00fcber 390.000 Mitarbeitende)<\/p>\n\n\n\n<p>Um das Magazin aktuell, relevant und benutzerfreundlich zu gestalten und den wachsenden Anforderungen an Partizipation und Interaktion gerecht zu werden, wurde im Rahmen einer Rebrush-Phase eine umfassende konzeptionelle, gestalterische und technische Optimierung durchgef\u00fchrt.<\/p>\n\n\n\n<div class=\"wide-content\">\n\n<figure class=\"wp-block-image size-large\"><img decoding=\"async\" src=\"https:\/\/eskima.de\/wp-content\/uploads\/2020\/08\/rewe_ref_08.jpg\" alt=\"\"><\/figure>\n\n<figure class=\"wp-block-image size-large\"><img decoding=\"async\" src=\"https:\/\/eskima.de\/wp-content\/uploads\/2020\/08\/rewe_ref_05.jpg\" alt=\"\"><h4>Listenansicht mit relevanten Such- und Filteroptionen<\/h4><\/figure>\n\n<figure class=\"wp-block-image size-large\"><img decoding=\"async\" src=\"https:\/\/eskima.de\/wp-content\/uploads\/2020\/08\/rewe_ref_06.jpg\" alt=\"\"><h4>Grid, Layout Seitentypen und dynamische Content Module in Sketch<\/h4><\/figure>\n\n<\/div>\n\n\n\n<h3 class=\"wp-block-heading has-text-align-left\"><strong>Service<\/strong><\/h3>\n\n\n\n<ul class=\"wp-block-list\">\n<li>Konzeption und Durchf\u00fchrung von Usertests<\/li>\n\n\n\n<li>Optimierung der UX &amp; Usability basierend auf Usertests<\/li>\n\n\n\n<li>Verbesserung der Informations- und Navigationsarchitektur<\/li>\n\n\n\n<li>Entwicklung neuer Interaktions- und Partizipationsm\u00f6glichkeiten<\/li>\n\n\n\n<li>Konzeption neuer Online-Editorial-Module<\/li>\n\n\n\n<li>Relaunch des Seiten- und Artikel-Layouts<\/li>\n\n\n\n<li>Erstellung von Prototypen in Sketch<\/li>\n\n\n\n<li>Entwicklung eines Designsystems in Sketch<\/li>\n\n\n\n<li>Planung und Durchf\u00fchrung von Kreativ-Workshops<\/li>\n<\/ul>\n\n\n\n<p class=\"has-text-align-left\"><strong>Kunde: <\/strong>REWE Group (Interne und Digitale Kommunikation)<br><strong>Ko-Kreation<\/strong>: B\u00fcro f\u00fcr Brauchbarkeit, Online-Redaktion der REWE Group<br><strong>Technische Umsetzung: <\/strong>B\u00fcro f\u00fcr Brauchbarkeit<strong><br>Zeitraum der Rebrush-Phase: <\/strong>2018-2020<\/p>\n\n\n\n<p class=\"has-text-align-left\"><strong>Auszeichnungen: <\/strong><br><strong>2020<\/strong> Astrid Awards &#8211; Gold und Grand Award im Bereich Mitarbeiterpublikationen<br><strong>2021<\/strong> Fox Award &#8211; Gold und die Auszeichnung MASTER OF EFFICIENCY<br><strong>2021<\/strong> ICMA-Award &#8211; Silber in der Kategorie \u201eEmployee Media Online\u201c<strong class=\"\"><\/strong><\/p>\n","protected":false},"excerpt":{"rendered":"<p>Seit seiner Einf\u00fchrung im Jahr 2013 ist das Online-Magazin ONE der zentrale Anlaufpunkt f\u00fcr die interne Kommunikation der REWE Group. Ein engagiertes Team von acht Redakteur*innen informiert t\u00e4glich \u00fcber konzernnahe, branchenweite und aktuelle Themen. (Stand 2020: \u00fcber 390.000 Mitarbeitende) Um das Magazin aktuell, relevant und benutzerfreundlich zu gestalten und den wachsenden Anforderungen an Partizipation und [&hellip;]<\/p>\n","protected":false},"author":1,"featured_media":707,"comment_status":"closed","ping_status":"closed","template":"","format":"standard","meta":{"footnotes":""},"jetpack-portfolio-type":[],"jetpack-portfolio-tag":[],"class_list":["post-544","jetpack-portfolio","type-jetpack-portfolio","status-publish","format-standard","has-post-thumbnail","hentry"],"jetpack_sharing_enabled":true,"_links":{"self":[{"href":"https:\/\/eskima.de\/index.php?rest_route=\/wp\/v2\/jetpack-portfolio\/544","targetHints":{"allow":["GET"]}}],"collection":[{"href":"https:\/\/eskima.de\/index.php?rest_route=\/wp\/v2\/jetpack-portfolio"}],"about":[{"href":"https:\/\/eskima.de\/index.php?rest_route=\/wp\/v2\/types\/jetpack-portfolio"}],"author":[{"embeddable":true,"href":"https:\/\/eskima.de\/index.php?rest_route=\/wp\/v2\/users\/1"}],"replies":[{"embeddable":true,"href":"https:\/\/eskima.de\/index.php?rest_route=%2Fwp%2Fv2%2Fcomments&post=544"}],"version-history":[{"count":76,"href":"https:\/\/eskima.de\/index.php?rest_route=\/wp\/v2\/jetpack-portfolio\/544\/revisions"}],"predecessor-version":[{"id":1060,"href":"https:\/\/eskima.de\/index.php?rest_route=\/wp\/v2\/jetpack-portfolio\/544\/revisions\/1060"}],"wp:featuredmedia":[{"embeddable":true,"href":"https:\/\/eskima.de\/index.php?rest_route=\/wp\/v2\/media\/707"}],"wp:attachment":[{"href":"https:\/\/eskima.de\/index.php?rest_route=%2Fwp%2Fv2%2Fmedia&parent=544"}],"wp:term":[{"taxonomy":"jetpack-portfolio-type","embeddable":true,"href":"https:\/\/eskima.de\/index.php?rest_route=%2Fwp%2Fv2%2Fjetpack-portfolio-type&post=544"},{"taxonomy":"jetpack-portfolio-tag","embeddable":true,"href":"https:\/\/eskima.de\/index.php?rest_route=%2Fwp%2Fv2%2Fjetpack-portfolio-tag&post=544"}],"curies":[{"name":"wp","href":"https:\/\/api.w.org\/{rel}","templated":true}]}}